{"id":2485,"date":"2017-12-13T18:23:32","date_gmt":"2017-12-13T17:23:32","guid":{"rendered":"https:\/\/www.ericaturizam.hr\/park-riviera-2-sobe\/"},"modified":"2023-03-28T11:04:05","modified_gmt":"2023-03-28T09:04:05","slug":"park-riviera-2-sobe","status":"publish","type":"page","link":"https:\/\/www.ericaturizam.hr\/de\/park-riviera-2-sobe\/","title":{"rendered":"Park Riviera 2 Zimmer"},"content":{"rendered":"<p><div class=\"fusion-fullwidth fullwidth-box fusion-builder-row-1 nonhundred-percent-fullwidth non-hundred-percent-height-scrolling rentilo_rezervacije\" style=\"--awb-background-position:left top;--awb-border-sizes-top:0px;--awb-border-sizes-bottom:0px;--awb-border-sizes-left:0px;--awb-border-sizes-right:0px;--awb-border-radius-top-left:0px;--awb-border-radius-top-right:0px;--awb-border-radius-bottom-right:0px;--awb-border-radius-bottom-left:0px;--awb-padding-top:0px;--awb-padding-bottom:95px;--awb-flex-wrap:wrap;\" ><div class=\"fusion-builder-row fusion-row\"><div class=\"fusion-layout-column fusion_builder_column fusion-builder-column-0 fusion_builder_column_1_1 1_1 fusion-one-full fusion-column-first fusion-column-last stranice_clanak_prvi\" style=\"--awb-bg-position:right bottom;--awb-bg-size:cover;\"><div class=\"fusion-column-wrapper fusion-flex-column-wrapper-legacy\"><div class=\"fusion-sep-clear\"><\/div><div class=\"fusion-separator fusion-clearfix\" style=\"float:left;margin-top:0px;margin-bottom:20px;width:100%;max-width:50px;\"><div class=\"fusion-separator-border sep-single sep-solid\" style=\"--awb-height:20px;--awb-amount:20px;--awb-sep-color:#cbaa5c;border-color:#cbaa5c;border-top-width:1px;\"><\/div><\/div><div class=\"fusion-sep-clear\"><\/div><div class=\"fusion-text fusion-text-1\"><p style=\"text-align: justify;\">Probieren Sie einen Urlaub im Freien.\u00a0Erleben Sie alle positiven Aspekte eines Camp-Urlaubs, aber ohne Luxus zu opfern, untergebracht in einem komfortablen Mobilheim, in dem Sie nichts verpassen werden.\u00a0Bringen Sie Ihren Urlaub auf ein h\u00f6heres Niveau in dem einzigartigen Erlebnis\u00a0eines Mobilheims, das ganz f\u00fcr Ihren Komfort eingerichtet ist.<\/p>\n<p><strong>Unterkunft<\/strong><\/p>\n<p>Mobilheime\u00a0Park Riviera befinden sich in einem ruhigen Teil von CampingIN Park Umag, in der N\u00e4he eines Naturstrandes und nicht weit entfernt vom Park Pool, Sportpl\u00e4tze, Supermarkt, Restaurant und alle anderen Parkinhalte.<\/p>\n<p>Die Mobilheime sind erf\u00fcllt von einer wohligen Atmosph\u00e4re eines Lebens in Zusammenarbeit mit der Natur.\u00a0Sie sind mit Inhalten ausgestattet, die f\u00fcr einen stressfreien Urlaub im Freien notwendig sind.\u00a0Um h\u00f6heren Komfort zu erreichen, sind zwei Badezimmer vorhanden.\u00a0Eine \u00fcberdachte Holzterrasse bietet Schatten den ganzen Tag, so dass Sie jederzeit sitzen oder liegen k\u00f6nnen.\u00a0Jedes Haus hat einen Grill, ein Ger\u00e4t, das im Sommer unentbehrlich ist.<\/p>\n<\/div><div class=\"fusion-clearfix\"><\/div><\/div><\/div><div class=\"fusion-layout-column fusion_builder_column fusion-builder-column-1 fusion_builder_column_1_4 1_4 fusion-one-fourth fusion-column-first desna_info_kolona\" style=\"--awb-bg-size:cover;width:25%;width:calc(25% - ( ( 4% + 4% + 4% ) * 0.25 ) );margin-right: 4%;\"><div class=\"fusion-column-wrapper fusion-column-has-shadow fusion-flex-column-wrapper-legacy\"><ul style=\"--awb-size:13px;--awb-iconcolor:#b09557;--awb-line-height:22.1px;--awb-icon-width:22.1px;--awb-icon-height:22.1px;--awb-icon-margin:9.1px;--awb-content-margin:31.2px;\" class=\"fusion-checklist fusion-checklist-1 fusion-checklist-default type-icons\"><li class=\"fusion-li-item\" style=\"\"><span class=\"icon-wrapper circle-no\"><i class=\"fusion-li-icon fa-check-circle far\" aria-hidden=\"true\"><\/i><\/span><div class=\"fusion-li-item-content\">\n<p>CampingIN Park Umag<\/p>\n<\/div><\/li><\/ul><div class=\"fusion-sep-clear\"><\/div><div class=\"fusion-separator fusion-full-width-sep\" style=\"margin-left: auto;margin-right: auto;margin-top:10px;margin-bottom:10px;width:100%;\"><div class=\"fusion-separator-border sep-single sep-solid\" style=\"--awb-height:20px;--awb-amount:20px;--awb-sep-color:#ffffff;border-color:#ffffff;border-top-width:1px;\"><\/div><\/div><div class=\"fusion-sep-clear\"><\/div><div class=\"fusion-clearfix\"><\/div><\/div><\/div><div class=\"fusion-layout-column fusion_builder_column fusion-builder-column-2 fusion_builder_column_1_4 1_4 fusion-one-fourth desna_info_kolona\" style=\"--awb-bg-size:cover;width:25%;width:calc(25% - ( ( 4% + 4% + 4% ) * 0.25 ) );margin-right: 4%;\"><div class=\"fusion-column-wrapper fusion-column-has-shadow fusion-flex-column-wrapper-legacy\"><ul style=\"--awb-size:13px;--awb-iconcolor:#b09557;--awb-line-height:22.1px;--awb-icon-width:22.1px;--awb-icon-height:22.1px;--awb-icon-margin:9.1px;--awb-content-margin:31.2px;\" class=\"fusion-checklist fusion-checklist-2 fusion-checklist-default type-icons\"><li class=\"fusion-li-item\" style=\"\"><span class=\"icon-wrapper circle-no\"><i class=\"fusion-li-icon fa-check-circle far\" aria-hidden=\"true\"><\/i><\/span><div class=\"fusion-li-item-content\">\n<p>Ladinischer Gaj 132a HR-52470 Umag<\/p>\n<\/div><\/li><\/ul><div class=\"fusion-sep-clear\"><\/div><div class=\"fusion-separator fusion-full-width-sep\" style=\"margin-left: auto;margin-right: auto;margin-top:10px;margin-bottom:10px;width:100%;\"><div class=\"fusion-separator-border sep-single sep-solid\" style=\"--awb-height:20px;--awb-amount:20px;--awb-sep-color:#ffffff;border-color:#ffffff;border-top-width:1px;\"><\/div><\/div><div class=\"fusion-sep-clear\"><\/div><div class=\"fusion-clearfix\"><\/div><\/div><\/div><div class=\"fusion-layout-column fusion_builder_column fusion-builder-column-3 fusion_builder_column_1_4 1_4 fusion-one-fourth desna_info_kolona\" style=\"--awb-bg-size:cover;width:25%;width:calc(25% - ( ( 4% + 4% + 4% ) * 0.25 ) );margin-right: 4%;\"><div class=\"fusion-column-wrapper fusion-column-has-shadow fusion-flex-column-wrapper-legacy\"><ul style=\"--awb-size:13px;--awb-iconcolor:#b09557;--awb-line-height:22.1px;--awb-icon-width:22.1px;--awb-icon-height:22.1px;--awb-icon-margin:9.1px;--awb-content-margin:31.2px;\" class=\"fusion-checklist fusion-checklist-3 fusion-checklist-default type-icons\"><li class=\"fusion-li-item\" style=\"\"><span class=\"icon-wrapper circle-no\"><i class=\"fusion-li-icon fa-check-circle far\" aria-hidden=\"true\"><\/i><\/span><div class=\"fusion-li-item-content\">\n<p>KROATIEN<\/p>\n<\/div><\/li><\/ul><div class=\"fusion-sep-clear\"><\/div><div class=\"fusion-separator fusion-full-width-sep\" style=\"margin-left: auto;margin-right: auto;margin-top:10px;margin-bottom:10px;width:100%;\"><div class=\"fusion-separator-border sep-single sep-solid\" style=\"--awb-height:20px;--awb-amount:20px;--awb-sep-color:#ffffff;border-color:#ffffff;border-top-width:1px;\"><\/div><\/div><div class=\"fusion-sep-clear\"><\/div><div class=\"fusion-clearfix\"><\/div><\/div><\/div><div class=\"fusion-layout-column fusion_builder_column fusion-builder-column-4 fusion_builder_column_1_4 1_4 fusion-one-fourth fusion-column-last desna_info_kolona\" style=\"--awb-bg-size:cover;width:25%;width:calc(25% - ( ( 4% + 4% + 4% ) * 0.25 ) );\"><div class=\"fusion-column-wrapper fusion-column-has-shadow fusion-flex-column-wrapper-legacy\"><ul style=\"--awb-size:13px;--awb-iconcolor:#b09557;--awb-line-height:22.1px;--awb-icon-width:22.1px;--awb-icon-height:22.1px;--awb-icon-margin:9.1px;--awb-content-margin:31.2px;\" class=\"fusion-checklist fusion-checklist-4 fusion-checklist-default type-icons\"><li class=\"fusion-li-item\" style=\"\"><span class=\"icon-wrapper circle-no\"><i class=\"fusion-li-icon fa-envelope far\" aria-hidden=\"true\"><\/i><\/span><div class=\"fusion-li-item-content\">\n<p><span style=\"color: #000000;\"><a style=\"color: #000000;\" href=\"mailto:info@ericaturizam.hr\">info@ericaturizam.hr<\/a><\/span><\/p>\n<\/div><\/li><\/ul><div class=\"fusion-sep-clear\"><\/div><div class=\"fusion-separator fusion-full-width-sep\" style=\"margin-left: auto;margin-right: auto;margin-top:10px;margin-bottom:10px;width:100%;\"><div class=\"fusion-separator-border sep-single sep-solid\" style=\"--awb-height:20px;--awb-amount:20px;--awb-sep-color:#ffffff;border-color:#ffffff;border-top-width:1px;\"><\/div><\/div><div class=\"fusion-sep-clear\"><\/div><div class=\"fusion-clearfix\"><\/div><\/div><\/div><div class=\"fusion-layout-column fusion_builder_column fusion-builder-column-5 fusion_builder_column_1_1 1_1 fusion-one-full fusion-column-first fusion-column-last fusion-column-no-min-height\" style=\"--awb-bg-size:cover;--awb-margin-bottom:0px;\"><div class=\"fusion-column-wrapper fusion-flex-column-wrapper-legacy\"><div class=\"fusion-image-element fusion-image-align-left in-legacy-container\" style=\"text-align:left;--awb-liftup-border-radius:0px;--awb-caption-title-font-family:var(--h2_typography-font-family);--awb-caption-title-font-weight:var(--h2_typography-font-weight);--awb-caption-title-font-style:var(--h2_typography-font-style);--awb-caption-title-size:var(--h2_typography-font-size);--awb-caption-title-transform:var(--h2_typography-text-transform);--awb-caption-title-line-height:var(--h2_typography-line-height);--awb-caption-title-letter-spacing:var(--h2_typography-letter-spacing);\"><div class=\"awb-image-frame awb-image-frame-1 imageframe-liftup fusion-imageframe-liftup-left\" style=\"max-width:200px;\"><span class=\" fusion-imageframe imageframe-none imageframe-1\"><a class=\"fusion-no-lightbox\" href=\"https:\/\/www.ericaturizam.hr\/de\/campingin-park-umag\/\" target=\"_self\" aria-label=\"Logo_CampingIN300\"><img decoding=\"async\" width=\"280\" height=\"83\" src=\"https:\/\/www.ericaturizam.hr\/wp-content\/uploads\/2017\/12\/Logo_CampingIN300.jpg\" alt class=\"img-responsive wp-image-1824\" srcset=\"https:\/\/www.ericaturizam.hr\/wp-content\/uploads\/2017\/12\/Logo_CampingIN300-200x59.jpg 200w, https:\/\/www.ericaturizam.hr\/wp-content\/uploads\/2017\/12\/Logo_CampingIN300.jpg 280w\" sizes=\"(max-width: 1105px) 100vw, 280px\" \/><\/a><\/span><\/div><\/div><div class=\"fusion-aligncenter\"><a class=\"fusion-button button-flat fusion-button-default-size button-custom fusion-button-default button-1 fusion-button-default-span fusion-button-default-type\" style=\"--button_accent_color:#ffffff;--button_accent_hover_color:#ffffff;--button_border_hover_color:#ffffff;--button_border_width-top:1px;--button_border_width-right:1px;--button_border_width-bottom:1px;--button_border_width-left:1px;--button_gradient_top_color:#cbaa5c;--button_gradient_bottom_color:#cbaa5c;--button_gradient_top_color_hover:#bc9c50;--button_gradient_bottom_color_hover:#bc9c50;\" target=\"_self\" href=\"https:\/\/www.ericaturizam.hr\/de\/campingin-park-umag\/\"><span class=\"fusion-button-text awb-button__text awb-button__text--default\">Sieh dir das Camp<\/span><\/a><\/div><div class=\"fusion-sep-clear\"><\/div><div class=\"fusion-separator fusion-full-width-sep\" style=\"margin-left: auto;margin-right: auto;margin-top:13px;margin-bottom:13px;width:100%;\"><\/div><div class=\"fusion-sep-clear\"><\/div><div class=\"fusion-text fusion-text-2\"><hr \/>\n<p style=\"text-align: center;\"><span style=\"font-size: 22pt; color: #cbaa5c;\"><strong>RESERVIRUNG:<br \/>\n<\/strong><\/span>Sprechen Sie direkt mit unserem Berater an:\u00a0<span style=\"color: #caa961;\"><strong>+385 98 9134334<\/strong><\/span><strong>.<\/strong>\u00a0<em>Bis zu 30 Tage vor der Anreise k\u00f6nnen Sie<\/em><em>\u00a0<\/em><span style=\"color: #caa961;\"><strong><em>kostenfrei<\/em><\/strong><\/span><strong><em><br \/>\n<\/em><\/strong><em>stornieren. Bei einer Stornierung in den 30 Tagen vor der Anreise zahlen Sie<\/em><strong><em>\u00a0<\/em><\/strong><span style=\"color: #caa961;\"><strong><em>50%<\/em><\/strong><\/span><em>\u00a0<\/em><em>des Gesamtpreises.<\/em><\/p>\n<hr \/>\n<\/div><div class=\"fusion-builder-row fusion-builder-row-inner fusion-row\"><div class=\"fusion-layout-column fusion_builder_column_inner fusion-builder-nested-column-0 fusion_builder_column_inner_1_3 1_3 fusion-one-third fusion-column-first\" style=\"--awb-bg-size:cover;width:33.333333333333%;width:calc(33.333333333333% - ( ( 4% + 4% ) * 0.33333333333333 ) );margin-right: 4%;\"><div class=\"fusion-column-wrapper fusion-column-has-shadow fusion-flex-column-wrapper-legacy\"><ul style=\"--awb-iconcolor:#b09557;--awb-line-height:23.8px;--awb-icon-width:23.8px;--awb-icon-height:23.8px;--awb-icon-margin:9.8px;--awb-content-margin:33.6px;\" class=\"fusion-checklist fusion-checklist-5 fusion-checklist-default type-icons\"><li class=\"fusion-li-item\" style=\"\"><span class=\"icon-wrapper circle-no\"><i class=\"fusion-li-icon fa-check-circle far\" aria-hidden=\"true\"><\/i><\/span><div class=\"fusion-li-item-content\">\n<p>Check-in: 16.00 bis 20.00 Uhr<\/p>\n<\/div><\/li><li class=\"fusion-li-item\" style=\"\"><span class=\"icon-wrapper circle-no\"><i class=\"fusion-li-icon fa-check-circle far\" aria-hidden=\"true\"><\/i><\/span><div class=\"fusion-li-item-content\">\n<p>Check-out: 8.00 bis 10.00 Uhr<\/p>\n<\/div><\/li><\/ul><div class=\"fusion-clearfix\"><\/div><\/div><\/div><div class=\"fusion-layout-column fusion_builder_column_inner fusion-builder-nested-column-1 fusion_builder_column_inner_1_3 1_3 fusion-one-third\" style=\"--awb-bg-size:cover;width:33.333333333333%;width:calc(33.333333333333% - ( ( 4% + 4% ) * 0.33333333333333 ) );margin-right: 4%;\"><div class=\"fusion-column-wrapper fusion-column-has-shadow fusion-flex-column-wrapper-legacy\"><ul style=\"--awb-iconcolor:#b09557;--awb-line-height:23.8px;--awb-icon-width:23.8px;--awb-icon-height:23.8px;--awb-icon-margin:9.8px;--awb-content-margin:33.6px;\" class=\"fusion-checklist fusion-checklist-6 fusion-checklist-default type-icons\"><li class=\"fusion-li-item\" style=\"\"><span class=\"icon-wrapper circle-no\"><i class=\"fusion-li-icon fa-check-circle far\" aria-hidden=\"true\"><\/i><\/span><div class=\"fusion-li-item-content\">\n<p>Haustiere sind willkommen (zus\u00e4tzliche Kosten m\u00f6glich)<\/p>\n<\/div><\/li><\/ul><div class=\"fusion-clearfix\"><\/div><\/div><\/div><div class=\"fusion-layout-column fusion_builder_column_inner fusion-builder-nested-column-2 fusion_builder_column_inner_1_3 1_3 fusion-one-third fusion-column-last\" style=\"--awb-bg-size:cover;width:33.333333333333%;width:calc(33.333333333333% - ( ( 4% + 4% ) * 0.33333333333333 ) );\"><div class=\"fusion-column-wrapper fusion-column-has-shadow fusion-flex-column-wrapper-legacy\"><ul style=\"--awb-iconcolor:#b09557;--awb-line-height:23.8px;--awb-icon-width:23.8px;--awb-icon-height:23.8px;--awb-icon-margin:9.8px;--awb-content-margin:33.6px;\" class=\"fusion-checklist fusion-checklist-7 fusion-checklist-default type-icons\"><li class=\"fusion-li-item\" style=\"\"><span class=\"icon-wrapper circle-no\"><i class=\"fusion-li-icon fa-check-circle far\" aria-hidden=\"true\"><\/i><\/span><div class=\"fusion-li-item-content\">\n<p>Wir bieten auch folgenden Service an: Vermietung von Bettw\u00e4sche und Handt\u00fcchern.<\/p>\n<\/div><\/li><\/ul><div class=\"fusion-clearfix\"><\/div><\/div><\/div><\/div><div class=\"fusion-clearfix\"><\/div><\/div><\/div><div class=\"fusion-layout-column fusion_builder_column fusion-builder-column-6 fusion_builder_column_1_1 1_1 fusion-one-full fusion-column-first fusion-column-last fusion-column-no-min-height\" style=\"--awb-bg-color:#f2f2f2;--awb-bg-color-hover:#f2f2f2;--awb-bg-size:cover;--awb-margin-bottom:0px;\"><div class=\"fusion-column-wrapper fusion-column-has-shadow fusion-flex-column-wrapper-legacy\"><div class=\"fusion-text fusion-text-3\"><p><strong><span style=\"font-size: 14pt;\">Buch:<\/span><\/strong><\/p>\n<\/div><div class=\"accordian fusion-accordian\" style=\"--awb-border-size:1px;--awb-icon-size:13px;--awb-content-font-size:16px;--awb-icon-alignment:left;--awb-hover-color:#f9f9f9;--awb-border-color:#cccccc;--awb-background-color:#ffffff;--awb-divider-color:#e0dede;--awb-divider-hover-color:#e0dede;--awb-icon-color:#ffffff;--awb-title-color:#171717;--awb-content-color:#222222;--awb-icon-box-color:#333333;--awb-toggle-hover-accent-color:#cbaa5c;--awb-title-font-family:&quot;Playfair Display&quot;;--awb-title-font-weight:400;--awb-title-font-style:normal;--awb-title-font-size:18px;--awb-title-letter-spacing:0px;--awb-title-line-height:1.67;--awb-content-font-family:&quot;Playfair Display&quot;;--awb-content-font-style:normal;--awb-content-font-weight:400;\"><div class=\"panel-group fusion-toggle-icon-boxed\" id=\"accordion-2485-1\"><div class=\"fusion-panel panel-default panel-88e610af7a6adbf77 fusion-toggle-has-divider\" style=\"--awb-title-color:#171717;--awb-content-color:#222222;\"><div class=\"panel-heading\"><h4 class=\"panel-title toggle\" id=\"toggle_88e610af7a6adbf77\"><a aria-expanded=\"false\" aria-controls=\"88e610af7a6adbf77\" role=\"button\" data-toggle=\"collapse\" data-parent=\"#accordion-2485-1\" data-target=\"#88e610af7a6adbf77\" href=\"#88e610af7a6adbf77\"><span class=\"fusion-toggle-icon-wrapper\" aria-hidden=\"true\"><i class=\"fa-fusion-box active-icon awb-icon-minus\" aria-hidden=\"true\"><\/i><i class=\"fa-fusion-box inactive-icon awb-icon-plus\" aria-hidden=\"true\"><\/i><\/span><span class=\"fusion-toggle-heading\">Mobilheim mit 2 Schlafzimmern, Terrasse und Meerblick<\/span><\/a><\/h4><\/div><div id=\"88e610af7a6adbf77\" class=\"panel-collapse collapse \" aria-labelledby=\"toggle_88e610af7a6adbf77\"><div class=\"panel-body toggle-content fusion-clearfix\">\n<div class=\"fusion-builder-row fusion-builder-row-inner fusion-row\"><div class=\"fusion-layout-column fusion_builder_column_inner fusion-builder-nested-column-3 fusion_builder_column_inner_1_3 1_3 fusion-one-third fusion-column-first\" style=\"--awb-bg-size:cover;width:33.333333333333%;width:calc(33.333333333333% - ( ( 4% ) * 0.33333333333333 ) );margin-right: 4%;\"><div class=\"fusion-column-wrapper fusion-flex-column-wrapper-legacy\"><iframe src=\"https:\/\/booking.rentl.io\/de\/22276\/6f817218-590c-4f37-a0cd-4eacdcc2ccd1\" height=\"100%\" width=\"500\"><\/iframe><div class=\"fusion-clearfix\"><\/div><\/div><\/div><div class=\"fusion-layout-column fusion_builder_column_inner fusion-builder-nested-column-4 fusion_builder_column_inner_2_3 2_3 fusion-two-third fusion-column-last\" style=\"--awb-bg-size:cover;width:66.666666666667%;width:calc(66.666666666667% - ( ( 4% ) * 0.66666666666667 ) );\"><div class=\"fusion-column-wrapper fusion-flex-column-wrapper-legacy\"><div class=\"awb-gallery-wrapper awb-gallery-wrapper-1 button-span-no\"><div style=\"margin:-8px;--awb-bordersize:0px;\" class=\"fusion-gallery fusion-gallery-container fusion-grid-4 fusion-columns-total-8 fusion-gallery-layout-grid fusion-gallery-1\"><div style=\"padding:8px;\" class=\"fusion-grid-column fusion-gallery-column fusion-gallery-column-4 hover-type-zoomin\"><div class=\"fusion-gallery-image\"><a href=\"https:\/\/www.ericaturizam.hr\/wp-content\/uploads\/2019\/05\/Holiday-Mobile-Homes-Park-Riviera_Mobilne-ku\u0107ice-s-2-spava\u0107e-sobe-i-terasom01.jpg\" rel=\"noreferrer\" data-rel=\"iLightbox[gallery_image_1]\" class=\"fusion-lightbox\" target=\"_self\"><img decoding=\"async\" src=\"https:\/\/www.ericaturizam.hr\/wp-content\/uploads\/2019\/05\/Holiday-Mobile-Homes-Park-Riviera_Mobilne-ku\u0107ice-s-2-spava\u0107e-sobe-i-terasom01.jpg\" width=\"1024\" height=\"680\" alt=\"\" title=\"Holiday Mobile Homes Park Riviera_Mobilne ku\u0107ice s 2 spava\u0107e sobe i terasom01\" aria-label=\"Holiday Mobile Homes Park Riviera_Mobilne ku\u0107ice s 2 spava\u0107e sobe i terasom01\" class=\"img-responsive wp-image-3976\" srcset=\"https:\/\/www.ericaturizam.hr\/wp-content\/uploads\/2019\/05\/Holiday-Mobile-Homes-Park-Riviera_Mobilne-ku\u0107ice-s-2-spava\u0107e-sobe-i-terasom01-200x133.jpg 200w, https:\/\/www.ericaturizam.hr\/wp-content\/uploads\/2019\/05\/Holiday-Mobile-Homes-Park-Riviera_Mobilne-ku\u0107ice-s-2-spava\u0107e-sobe-i-terasom01-400x266.jpg 400w, https:\/\/www.ericaturizam.hr\/wp-content\/uploads\/2019\/05\/Holiday-Mobile-Homes-Park-Riviera_Mobilne-ku\u0107ice-s-2-spava\u0107e-sobe-i-terasom01-600x398.jpg 600w, https:\/\/www.ericaturizam.hr\/wp-content\/uploads\/2019\/05\/Holiday-Mobile-Homes-Park-Riviera_Mobilne-ku\u0107ice-s-2-spava\u0107e-sobe-i-terasom01-800x531.jpg 800w, https:\/\/www.ericaturizam.hr\/wp-content\/uploads\/2019\/05\/Holiday-Mobile-Homes-Park-Riviera_Mobilne-ku\u0107ice-s-2-spava\u0107e-sobe-i-terasom01.jpg 1024w\" sizes=\"(min-width: 2200px) 100vw, (min-width: 1220px) 287px, (min-width: 1129px) 382px, (min-width: 1037px) 573px, (min-width: 945px) 1037px, \" \/><\/a><\/div><\/div><div style=\"padding:8px;\" class=\"fusion-grid-column fusion-gallery-column fusion-gallery-column-4 hover-type-zoomin\"><div class=\"fusion-gallery-image\"><a href=\"https:\/\/www.ericaturizam.hr\/wp-content\/uploads\/2019\/05\/Holiday-Mobile-Homes-Park-Riviera_Mobilne-ku\u0107ice-s-2-spava\u0107e-sobe-i-terasom02.jpg\" rel=\"noreferrer\" data-rel=\"iLightbox[gallery_image_1]\" class=\"fusion-lightbox\" target=\"_self\"><img decoding=\"async\" src=\"https:\/\/www.ericaturizam.hr\/wp-content\/uploads\/2019\/05\/Holiday-Mobile-Homes-Park-Riviera_Mobilne-ku\u0107ice-s-2-spava\u0107e-sobe-i-terasom02.jpg\" width=\"1024\" height=\"683\" alt=\"\" title=\"Holiday Mobile Homes Park Riviera_Mobilne ku\u0107ice s 2 spava\u0107e sobe i terasom02\" aria-label=\"Holiday Mobile Homes Park Riviera_Mobilne ku\u0107ice s 2 spava\u0107e sobe i terasom02\" class=\"img-responsive wp-image-3980\" srcset=\"https:\/\/www.ericaturizam.hr\/wp-content\/uploads\/2019\/05\/Holiday-Mobile-Homes-Park-Riviera_Mobilne-ku\u0107ice-s-2-spava\u0107e-sobe-i-terasom02-200x133.jpg 200w, https:\/\/www.ericaturizam.hr\/wp-content\/uploads\/2019\/05\/Holiday-Mobile-Homes-Park-Riviera_Mobilne-ku\u0107ice-s-2-spava\u0107e-sobe-i-terasom02-400x267.jpg 400w, https:\/\/www.ericaturizam.hr\/wp-content\/uploads\/2019\/05\/Holiday-Mobile-Homes-Park-Riviera_Mobilne-ku\u0107ice-s-2-spava\u0107e-sobe-i-terasom02-600x400.jpg 600w, https:\/\/www.ericaturizam.hr\/wp-content\/uploads\/2019\/05\/Holiday-Mobile-Homes-Park-Riviera_Mobilne-ku\u0107ice-s-2-spava\u0107e-sobe-i-terasom02-800x534.jpg 800w, https:\/\/www.ericaturizam.hr\/wp-content\/uploads\/2019\/05\/Holiday-Mobile-Homes-Park-Riviera_Mobilne-ku\u0107ice-s-2-spava\u0107e-sobe-i-terasom02.jpg 1024w\" sizes=\"(min-width: 2200px) 100vw, (min-width: 1220px) 287px, (min-width: 1129px) 382px, (min-width: 1037px) 573px, (min-width: 945px) 1037px, \" \/><\/a><\/div><\/div><div style=\"padding:8px;\" class=\"fusion-grid-column fusion-gallery-column fusion-gallery-column-4 hover-type-zoomin\"><div class=\"fusion-gallery-image\"><a href=\"https:\/\/www.ericaturizam.hr\/wp-content\/uploads\/2019\/05\/Holiday-Mobile-Homes-Park-Riviera_Mobilne-ku\u0107ice-s-2-spava\u0107e-sobe-i-terasom03.jpg\" rel=\"noreferrer\" data-rel=\"iLightbox[gallery_image_1]\" class=\"fusion-lightbox\" target=\"_self\"><img decoding=\"async\" src=\"https:\/\/www.ericaturizam.hr\/wp-content\/uploads\/2019\/05\/Holiday-Mobile-Homes-Park-Riviera_Mobilne-ku\u0107ice-s-2-spava\u0107e-sobe-i-terasom03.jpg\" width=\"1024\" height=\"683\" alt=\"\" title=\"Holiday Mobile Homes Park Riviera_Mobilne ku\u0107ice s 2 spava\u0107e sobe i terasom03\" aria-label=\"Holiday Mobile Homes Park Riviera_Mobilne ku\u0107ice s 2 spava\u0107e sobe i terasom03\" class=\"img-responsive wp-image-3984\" srcset=\"https:\/\/www.ericaturizam.hr\/wp-content\/uploads\/2019\/05\/Holiday-Mobile-Homes-Park-Riviera_Mobilne-ku\u0107ice-s-2-spava\u0107e-sobe-i-terasom03-200x133.jpg 200w, https:\/\/www.ericaturizam.hr\/wp-content\/uploads\/2019\/05\/Holiday-Mobile-Homes-Park-Riviera_Mobilne-ku\u0107ice-s-2-spava\u0107e-sobe-i-terasom03-400x267.jpg 400w, https:\/\/www.ericaturizam.hr\/wp-content\/uploads\/2019\/05\/Holiday-Mobile-Homes-Park-Riviera_Mobilne-ku\u0107ice-s-2-spava\u0107e-sobe-i-terasom03-600x400.jpg 600w, https:\/\/www.ericaturizam.hr\/wp-content\/uploads\/2019\/05\/Holiday-Mobile-Homes-Park-Riviera_Mobilne-ku\u0107ice-s-2-spava\u0107e-sobe-i-terasom03-800x534.jpg 800w, https:\/\/www.ericaturizam.hr\/wp-content\/uploads\/2019\/05\/Holiday-Mobile-Homes-Park-Riviera_Mobilne-ku\u0107ice-s-2-spava\u0107e-sobe-i-terasom03.jpg 1024w\" sizes=\"(min-width: 2200px) 100vw, (min-width: 1220px) 287px, (min-width: 1129px) 382px, (min-width: 1037px) 573px, (min-width: 945px) 1037px, \" \/><\/a><\/div><\/div><div style=\"padding:8px;\" class=\"fusion-grid-column fusion-gallery-column fusion-gallery-column-4 hover-type-zoomin\"><div class=\"fusion-gallery-image\"><a href=\"https:\/\/www.ericaturizam.hr\/wp-content\/uploads\/2019\/05\/Holiday-Mobile-Homes-Park-Riviera_Mobilne-ku\u0107ice-s-2-spava\u0107e-sobe-i-terasom04.jpg\" rel=\"noreferrer\" data-rel=\"iLightbox[gallery_image_1]\" class=\"fusion-lightbox\" target=\"_self\"><img decoding=\"async\" src=\"https:\/\/www.ericaturizam.hr\/wp-content\/uploads\/2019\/05\/Holiday-Mobile-Homes-Park-Riviera_Mobilne-ku\u0107ice-s-2-spava\u0107e-sobe-i-terasom04.jpg\" width=\"1024\" height=\"683\" alt=\"\" title=\"Holiday Mobile Homes Park Riviera_Mobilne ku\u0107ice s 2 spava\u0107e sobe i terasom04\" aria-label=\"Holiday Mobile Homes Park Riviera_Mobilne ku\u0107ice s 2 spava\u0107e sobe i terasom04\" class=\"img-responsive wp-image-3988\" srcset=\"https:\/\/www.ericaturizam.hr\/wp-content\/uploads\/2019\/05\/Holiday-Mobile-Homes-Park-Riviera_Mobilne-ku\u0107ice-s-2-spava\u0107e-sobe-i-terasom04-200x133.jpg 200w, https:\/\/www.ericaturizam.hr\/wp-content\/uploads\/2019\/05\/Holiday-Mobile-Homes-Park-Riviera_Mobilne-ku\u0107ice-s-2-spava\u0107e-sobe-i-terasom04-400x267.jpg 400w, https:\/\/www.ericaturizam.hr\/wp-content\/uploads\/2019\/05\/Holiday-Mobile-Homes-Park-Riviera_Mobilne-ku\u0107ice-s-2-spava\u0107e-sobe-i-terasom04-600x400.jpg 600w, https:\/\/www.ericaturizam.hr\/wp-content\/uploads\/2019\/05\/Holiday-Mobile-Homes-Park-Riviera_Mobilne-ku\u0107ice-s-2-spava\u0107e-sobe-i-terasom04-800x534.jpg 800w, https:\/\/www.ericaturizam.hr\/wp-content\/uploads\/2019\/05\/Holiday-Mobile-Homes-Park-Riviera_Mobilne-ku\u0107ice-s-2-spava\u0107e-sobe-i-terasom04.jpg 1024w\" sizes=\"(min-width: 2200px) 100vw, (min-width: 1220px) 287px, (min-width: 1129px) 382px, (min-width: 1037px) 573px, (min-width: 945px) 1037px, \" \/><\/a><\/div><\/div><div class=\"clearfix\"><\/div><div style=\"padding:8px;\" class=\"fusion-grid-column fusion-gallery-column fusion-gallery-column-4 hover-type-zoomin\"><div class=\"fusion-gallery-image\"><a href=\"https:\/\/www.ericaturizam.hr\/wp-content\/uploads\/2019\/05\/Holiday-Mobile-Homes-Park-Riviera_Mobilne-ku\u0107ice-s-2-spava\u0107e-sobe-i-terasom05.jpg\" rel=\"noreferrer\" data-rel=\"iLightbox[gallery_image_1]\" class=\"fusion-lightbox\" target=\"_self\"><img decoding=\"async\" src=\"https:\/\/www.ericaturizam.hr\/wp-content\/uploads\/2019\/05\/Holiday-Mobile-Homes-Park-Riviera_Mobilne-ku\u0107ice-s-2-spava\u0107e-sobe-i-terasom05.jpg\" width=\"1024\" height=\"576\" alt=\"\" title=\"Holiday Mobile Homes Park Riviera_Mobilne ku\u0107ice s 2 spava\u0107e sobe i terasom05\" aria-label=\"Holiday Mobile Homes Park Riviera_Mobilne ku\u0107ice s 2 spava\u0107e sobe i terasom05\" class=\"img-responsive wp-image-3992\" srcset=\"https:\/\/www.ericaturizam.hr\/wp-content\/uploads\/2019\/05\/Holiday-Mobile-Homes-Park-Riviera_Mobilne-ku\u0107ice-s-2-spava\u0107e-sobe-i-terasom05-200x113.jpg 200w, https:\/\/www.ericaturizam.hr\/wp-content\/uploads\/2019\/05\/Holiday-Mobile-Homes-Park-Riviera_Mobilne-ku\u0107ice-s-2-spava\u0107e-sobe-i-terasom05-400x225.jpg 400w, https:\/\/www.ericaturizam.hr\/wp-content\/uploads\/2019\/05\/Holiday-Mobile-Homes-Park-Riviera_Mobilne-ku\u0107ice-s-2-spava\u0107e-sobe-i-terasom05-600x338.jpg 600w, https:\/\/www.ericaturizam.hr\/wp-content\/uploads\/2019\/05\/Holiday-Mobile-Homes-Park-Riviera_Mobilne-ku\u0107ice-s-2-spava\u0107e-sobe-i-terasom05-800x450.jpg 800w, https:\/\/www.ericaturizam.hr\/wp-content\/uploads\/2019\/05\/Holiday-Mobile-Homes-Park-Riviera_Mobilne-ku\u0107ice-s-2-spava\u0107e-sobe-i-terasom05.jpg 1024w\" sizes=\"(min-width: 2200px) 100vw, (min-width: 1220px) 287px, (min-width: 1129px) 382px, (min-width: 1037px) 573px, (min-width: 945px) 1037px, \" \/><\/a><\/div><\/div><div style=\"padding:8px;\" class=\"fusion-grid-column fusion-gallery-column fusion-gallery-column-4 hover-type-zoomin\"><div class=\"fusion-gallery-image\"><a href=\"https:\/\/www.ericaturizam.hr\/wp-content\/uploads\/2019\/05\/Holiday-Mobile-Homes-Park-Riviera_Mobilne-ku\u0107ice-s-2-spava\u0107e-sobe-i-terasom06.jpg\" rel=\"noreferrer\" data-rel=\"iLightbox[gallery_image_1]\" class=\"fusion-lightbox\" target=\"_self\"><img decoding=\"async\" src=\"https:\/\/www.ericaturizam.hr\/wp-content\/uploads\/2019\/05\/Holiday-Mobile-Homes-Park-Riviera_Mobilne-ku\u0107ice-s-2-spava\u0107e-sobe-i-terasom06.jpg\" width=\"1024\" height=\"576\" alt=\"\" title=\"Holiday Mobile Homes Park Riviera_Mobilne ku\u0107ice s 2 spava\u0107e sobe i terasom06\" aria-label=\"Holiday Mobile Homes Park Riviera_Mobilne ku\u0107ice s 2 spava\u0107e sobe i terasom06\" class=\"img-responsive wp-image-3996\" srcset=\"https:\/\/www.ericaturizam.hr\/wp-content\/uploads\/2019\/05\/Holiday-Mobile-Homes-Park-Riviera_Mobilne-ku\u0107ice-s-2-spava\u0107e-sobe-i-terasom06-200x113.jpg 200w, https:\/\/www.ericaturizam.hr\/wp-content\/uploads\/2019\/05\/Holiday-Mobile-Homes-Park-Riviera_Mobilne-ku\u0107ice-s-2-spava\u0107e-sobe-i-terasom06-400x225.jpg 400w, https:\/\/www.ericaturizam.hr\/wp-content\/uploads\/2019\/05\/Holiday-Mobile-Homes-Park-Riviera_Mobilne-ku\u0107ice-s-2-spava\u0107e-sobe-i-terasom06-600x338.jpg 600w, https:\/\/www.ericaturizam.hr\/wp-content\/uploads\/2019\/05\/Holiday-Mobile-Homes-Park-Riviera_Mobilne-ku\u0107ice-s-2-spava\u0107e-sobe-i-terasom06-800x450.jpg 800w, https:\/\/www.ericaturizam.hr\/wp-content\/uploads\/2019\/05\/Holiday-Mobile-Homes-Park-Riviera_Mobilne-ku\u0107ice-s-2-spava\u0107e-sobe-i-terasom06.jpg 1024w\" sizes=\"(min-width: 2200px) 100vw, (min-width: 1220px) 287px, (min-width: 1129px) 382px, (min-width: 1037px) 573px, (min-width: 945px) 1037px, \" \/><\/a><\/div><\/div><div style=\"padding:8px;\" class=\"fusion-grid-column fusion-gallery-column fusion-gallery-column-4 hover-type-zoomin\"><div class=\"fusion-gallery-image\"><a href=\"https:\/\/www.ericaturizam.hr\/wp-content\/uploads\/2019\/05\/Holiday-Mobile-Homes-Park-Riviera_Mobilne-ku\u0107ice-s-2-spava\u0107e-sobe-i-terasom07.jpg\" rel=\"noreferrer\" data-rel=\"iLightbox[gallery_image_1]\" class=\"fusion-lightbox\" target=\"_self\"><img decoding=\"async\" src=\"https:\/\/www.ericaturizam.hr\/wp-content\/uploads\/2019\/05\/Holiday-Mobile-Homes-Park-Riviera_Mobilne-ku\u0107ice-s-2-spava\u0107e-sobe-i-terasom07.jpg\" width=\"1024\" height=\"576\" alt=\"\" title=\"Holiday Mobile Homes Park Riviera_Mobilne ku\u0107ice s 2 spava\u0107e sobe i terasom07\" aria-label=\"Holiday Mobile Homes Park Riviera_Mobilne ku\u0107ice s 2 spava\u0107e sobe i terasom07\" class=\"img-responsive wp-image-4000\" srcset=\"https:\/\/www.ericaturizam.hr\/wp-content\/uploads\/2019\/05\/Holiday-Mobile-Homes-Park-Riviera_Mobilne-ku\u0107ice-s-2-spava\u0107e-sobe-i-terasom07-200x113.jpg 200w, https:\/\/www.ericaturizam.hr\/wp-content\/uploads\/2019\/05\/Holiday-Mobile-Homes-Park-Riviera_Mobilne-ku\u0107ice-s-2-spava\u0107e-sobe-i-terasom07-400x225.jpg 400w, https:\/\/www.ericaturizam.hr\/wp-content\/uploads\/2019\/05\/Holiday-Mobile-Homes-Park-Riviera_Mobilne-ku\u0107ice-s-2-spava\u0107e-sobe-i-terasom07-600x338.jpg 600w, https:\/\/www.ericaturizam.hr\/wp-content\/uploads\/2019\/05\/Holiday-Mobile-Homes-Park-Riviera_Mobilne-ku\u0107ice-s-2-spava\u0107e-sobe-i-terasom07-800x450.jpg 800w, https:\/\/www.ericaturizam.hr\/wp-content\/uploads\/2019\/05\/Holiday-Mobile-Homes-Park-Riviera_Mobilne-ku\u0107ice-s-2-spava\u0107e-sobe-i-terasom07.jpg 1024w\" sizes=\"(min-width: 2200px) 100vw, (min-width: 1220px) 287px, (min-width: 1129px) 382px, (min-width: 1037px) 573px, (min-width: 945px) 1037px, \" \/><\/a><\/div><\/div><div style=\"padding:8px;\" class=\"fusion-grid-column fusion-gallery-column fusion-gallery-column-4 hover-type-zoomin\"><div class=\"fusion-gallery-image\"><a href=\"https:\/\/www.ericaturizam.hr\/wp-content\/uploads\/2019\/05\/Holiday-Mobile-Homes-Park-Riviera_Mobilne-ku\u0107ice-s-2-spava\u0107e-sobe-i-terasom08.jpg\" rel=\"noreferrer\" data-rel=\"iLightbox[gallery_image_1]\" class=\"fusion-lightbox\" target=\"_self\"><img decoding=\"async\" src=\"https:\/\/www.ericaturizam.hr\/wp-content\/uploads\/2019\/05\/Holiday-Mobile-Homes-Park-Riviera_Mobilne-ku\u0107ice-s-2-spava\u0107e-sobe-i-terasom08.jpg\" width=\"1024\" height=\"576\" alt=\"\" title=\"Holiday Mobile Homes Park Riviera_Mobilne ku\u0107ice s 2 spava\u0107e sobe i terasom08\" aria-label=\"Holiday Mobile Homes Park Riviera_Mobilne ku\u0107ice s 2 spava\u0107e sobe i terasom08\" class=\"img-responsive wp-image-4004\" srcset=\"https:\/\/www.ericaturizam.hr\/wp-content\/uploads\/2019\/05\/Holiday-Mobile-Homes-Park-Riviera_Mobilne-ku\u0107ice-s-2-spava\u0107e-sobe-i-terasom08-200x113.jpg 200w, https:\/\/www.ericaturizam.hr\/wp-content\/uploads\/2019\/05\/Holiday-Mobile-Homes-Park-Riviera_Mobilne-ku\u0107ice-s-2-spava\u0107e-sobe-i-terasom08-400x225.jpg 400w, https:\/\/www.ericaturizam.hr\/wp-content\/uploads\/2019\/05\/Holiday-Mobile-Homes-Park-Riviera_Mobilne-ku\u0107ice-s-2-spava\u0107e-sobe-i-terasom08-600x338.jpg 600w, https:\/\/www.ericaturizam.hr\/wp-content\/uploads\/2019\/05\/Holiday-Mobile-Homes-Park-Riviera_Mobilne-ku\u0107ice-s-2-spava\u0107e-sobe-i-terasom08-800x450.jpg 800w, https:\/\/www.ericaturizam.hr\/wp-content\/uploads\/2019\/05\/Holiday-Mobile-Homes-Park-Riviera_Mobilne-ku\u0107ice-s-2-spava\u0107e-sobe-i-terasom08.jpg 1024w\" sizes=\"(min-width: 2200px) 100vw, (min-width: 1220px) 287px, (min-width: 1129px) 382px, (min-width: 1037px) 573px, (min-width: 945px) 1037px, \" \/><\/a><\/div><\/div><div class=\"clearfix\"><\/div><\/div><\/div><div class=\"fusion-clearfix\"><\/div><\/div><\/div><div class=\"fusion-layout-column fusion_builder_column_inner fusion-builder-nested-column-5 fusion_builder_column_inner_1_1 1_1 fusion-one-full fusion-column-first fusion-column-last\" style=\"--awb-bg-size:cover;\"><div class=\"fusion-column-wrapper fusion-flex-column-wrapper-legacy\"><div class=\"fusion-text fusion-text-4 awb-text-cols fusion-text-columns-3 rezerviraj_tip_smjestaja_tekstopcije\" style=\"--awb-columns:3;--awb-column-spacing:20px;--awb-column-min-width:250px;--awb-rule-style:1px solid #828080;\"><ul>\n<li><strong>Wohnzimmer:\u00a0<\/strong>1 Schlafsofa<\/li>\n<li class=\"bedroom_bed_type\"><strong>Schlafzimmer\u00a01:\u00a0<\/strong>1 Doppelbett\u00a0<i class=\"bicon bicon-double\"><\/i><\/li>\n<li class=\"bedroom_bed_type\"><strong>Schlafzimmer\u00a02:\u00a0<\/strong>2 Einzelbetten<i class=\"bicon bicon-singles\"><\/i><\/li>\n<li class=\"bedroom_bed_type\"><span data-name-en=\"Bathroom\">2 Badezimmer<\/span><\/li>\n<li class=\"bedroom_bed_type\">Maximal 4 personen\n<div>\n<div class=\"display--table-row\"><span class=\"apt_block--right\"><span class=\"highlight_free_stuff\"><br \/>\nKostenlos!<\/span><br \/>\nPrivate Parkpl\u00e4tze stehen kostenfrei an der Unterkunft (Reservierung ist nicht erforderlich) zur Verf\u00fcgung.<br \/>\n<\/span><\/div>\n<\/div>\n<p>Kostenfreie Parkpl\u00e4tze<br \/>\nReinigungskosten: 45 eur<\/p>\n<div class=\"info\" data-name-en=\"roomsize\"><strong>Gr\u00f6\u00dfe des Hauses:\u00a0<\/strong>34 m\u00b2<\/div>\n<p class=\" js_hp_rt_lightbox_room_desc \">Das klimatisierte Mobilheim ist mit einem Flachbild-Kabel-TV und einer Sitzecke ausgestattet. Die voll ausgestattete K\u00fcchenzeile ist mit einer Geschirrsp\u00fclmaschine, einem K\u00fchlschrank, einer Mikrowelle und einem Essbereich ausgestattet. Das eigene Bad verf\u00fcgt \u00fcber eine Dusche. Ein zus\u00e4tzliches Badezimmer ist ebenfalls vorhanden. Auf der schattigen Terrasse befinden sich Grillm\u00f6glichkeiten und ein Essbereich im Freien. Sie genie\u00dfen Meerblick.<\/p>\n<div>\n<p class=\"hp_rt_lightbox_facilities__title\"><strong>H\u00fcttenausr\u00fcstung:<\/strong><\/p>\n<ul class=\"hp_rt_lightbox_facilities hp_rt_lightbox_facilities__list\" data-nr-of-facilities=\"34\">\n<li class=\"hp_rt_lightbox_facilities__list__item\" data-name-en=\"Shower\">\u00a0Dusche<\/li>\n<li class=\"hp_rt_lightbox_facilities__list__item\" data-name-en=\"Airconditioning\">\u00a0Klimaanlage<\/li>\n<li class=\"hp_rt_lightbox_facilities__list__item\" data-name-en=\"Refrigerator\">\u00a0K\u00fchlschrank<\/li>\n<li class=\"hp_rt_lightbox_facilities__list__item\" data-name-en=\"Seating area\">\u00a0Sitzecke<\/li>\n<li class=\"hp_rt_lightbox_facilities__list__item\" data-name-en=\"Toilet\">\u00a0WC<\/li>\n<li class=\"hp_rt_lightbox_facilities__list__item\" data-name-en=\"Microwave\">\u00a0Mikrowelle<\/li>\n<li class=\"hp_rt_lightbox_facilities__list__item\" data-name-en=\"Dishwasher\">\u00a0Sp\u00fclmaschine<\/li>\n<li class=\"hp_rt_lightbox_facilities__list__item\" data-name-en=\"Patio\">\u00a0Patio \/ Veranda<\/li>\n<li class=\"hp_rt_lightbox_facilities__list__item\" data-name-en=\"Bathroom\">\u00a0eigenes Badezimmer<\/li>\n<li class=\"hp_rt_lightbox_facilities__list__item\" data-name-en=\"Heating\">\u00a0Heizung<\/li>\n<li class=\"hp_rt_lightbox_facilities__list__item\" data-name-en=\"Satellite Channels\">\u00a0Satelliten-TV<\/li>\n<li class=\"hp_rt_lightbox_facilities__list__item\" data-name-en=\"Kitchen\">\u00a0K\u00fcche<\/li>\n<li class=\"hp_rt_lightbox_facilities__list__item\" data-name-en=\"Cable channels\">\u00a0Kabelkan\u00e4le<\/li>\n<li class=\"hp_rt_lightbox_facilities__list__item\" data-name-en=\"Flat-screen TV\">\u00a0Flachbild-TV<\/li>\n<li class=\"hp_rt_lightbox_facilities__list__item\" data-name-en=\"Private Entrance\">\u00a0Privater Eingang<\/li>\n<li class=\"hp_rt_lightbox_facilities__list__item\" data-name-en=\"Sofa\">\u00a0Sofa<\/li>\n<li class=\"hp_rt_lightbox_facilities__list__item\" data-name-en=\"Soundproofing\">\u00a0Schallisolierung<\/li>\n<li class=\"hp_rt_lightbox_facilities__list__item\" data-name-en=\"View\">\u00a0Aussicht<\/li>\n<li class=\"hp_rt_lightbox_facilities__list__item\" data-name-en=\"Dining Area\">\u00a0Essbereich<\/li>\n<li class=\"hp_rt_lightbox_facilities__list__item\" data-name-en=\"Electric Kettle\">\u00a0Wasserkocher<\/li>\n<li class=\"hp_rt_lightbox_facilities__list__item\" data-name-en=\"Kitchenware\">\u00a0K\u00fcchenutensilien<\/li>\n<li class=\"hp_rt_lightbox_facilities__list__item\" data-name-en=\"Mosquito Net\">\u00a0Moskitonetz<\/li>\n<li class=\"hp_rt_lightbox_facilities__list__item\" data-name-en=\"Towels\/Linens at surcharge\">\u00a0Bettw\u00e4sche\/Handt\u00fccher gegen Aufpreis<\/li>\n<li class=\"hp_rt_lightbox_facilities__list__item\" data-name-en=\"Wardrobe\/Closet\">\u00a0Schrank<\/li>\n<li class=\"hp_rt_lightbox_facilities__list__item\" data-name-en=\"Stove\">\u00a0Kochplatten<\/li>\n<li class=\"hp_rt_lightbox_facilities__list__item\" data-name-en=\"Toaster\">\u00a0Toaster<\/li>\n<li class=\"hp_rt_lightbox_facilities__list__item\" data-name-en=\"Sea View\">\u00a0Meerblick<\/li>\n<li class=\"hp_rt_lightbox_facilities__list__item\" data-name-en=\"Garden View\">\u00a0Gartenblick<\/li>\n<li class=\"hp_rt_lightbox_facilities__list__item\" data-name-en=\"Additional Bathroom\">\u00a0Zus\u00e4tzliches Badezimmer<\/li>\n<li class=\"hp_rt_lightbox_facilities__list__item\" data-name-en=\"Terrace\">\u00a0Terrasse<\/li>\n<li class=\"hp_rt_lightbox_facilities__list__item\" data-name-en=\"Dining table\">\u00a0Esstisch<\/li>\n<li class=\"hp_rt_lightbox_facilities__list__item\" data-name-en=\"Outdoor furniture\">\u00a0Gartenm\u00f6bel<\/li>\n<li class=\"hp_rt_lightbox_facilities__list__item\" data-name-en=\"Outdoor dining area\">\u00a0Essplatz im Freien<\/li>\n<li class=\"hp_rt_lightbox_facilities__list__item\" data-name-en=\"Clothes Rack\">\u00a0Garderobenst\u00e4nder<\/li>\n<\/ul>\n<\/div>\n<div class=\"info hp-rt-lightbox-free-items hp-rt-lightbox-free-wifi\">\n<p data-name-en=\"wifi\">Kostenfreies WLAN!<\/p>\n<\/div>\n<div class=\"parking-policy\">\n<p><strong>Parkpl\u00e4tze:<\/strong><\/p>\n<div class=\"parking-policy__title\">\n<div>\n<div class=\"display--table-row\"><span class=\"apt_block--right\"><span class=\"highlight_free_stuff\">Kostenlos!<\/span>\u00a0Private Parkpl\u00e4tze stehen kostenfrei an der Unterkunft (Reservierung ist nicht erforderlich) zur Verf\u00fcgung.<\/span><\/div>\n<\/div>\n<\/div>\n<\/div>\n<\/li>\n<\/ul>\n<\/div><div class=\"fusion-clearfix\"><\/div><\/div><\/div><\/div>\n<\/div><\/div><\/div><\/div><\/div><div class=\"fusion-clearfix\"><\/div><\/div><\/div><div class=\"fusion-layout-column fusion_builder_column fusion-builder-column-7 fusion_builder_column_1_1 1_1 fusion-one-full fusion-column-first fusion-column-last fusion-column-no-min-height\" style=\"--awb-bg-size:cover;--awb-margin-bottom:0px;\"><div class=\"fusion-column-wrapper fusion-flex-column-wrapper-legacy\"><div class=\"fusion-sep-clear\"><\/div><div class=\"fusion-separator fusion-full-width-sep\" style=\"margin-left: auto;margin-right: auto;margin-top:13px;margin-bottom:13px;width:100%;\"><\/div><div class=\"fusion-sep-clear\"><\/div><div class=\"awb-gallery-wrapper awb-gallery-wrapper-2 button-span-no\"><div style=\"margin:-14px;--awb-bordersize:0px;\" class=\"fusion-gallery fusion-gallery-container fusion-grid-3 fusion-columns-total-7 fusion-gallery-layout-grid fusion-gallery-2\"><div style=\"padding:14.5px;\" class=\"fusion-grid-column fusion-gallery-column fusion-gallery-column-3 hover-type-none\"><div class=\"fusion-gallery-image\"><a href=\"https:\/\/www.ericaturizam.hr\/wp-content\/uploads\/2017\/12\/Park_riviera_sobe_1.jpg\" rel=\"noreferrer\" data-rel=\"iLightbox[gallery_image_2]\" class=\"fusion-lightbox\" target=\"_self\"><img decoding=\"async\" src=\"https:\/\/www.ericaturizam.hr\/wp-content\/uploads\/2017\/12\/Park_riviera_sobe_1.jpg\" width=\"900\" height=\"500\" alt=\"\" title=\"Park_riviera_sobe_1\" aria-label=\"Park_riviera_sobe_1\" class=\"img-responsive wp-image-1874\" srcset=\"https:\/\/www.ericaturizam.hr\/wp-content\/uploads\/2017\/12\/Park_riviera_sobe_1-200x111.jpg 200w, https:\/\/www.ericaturizam.hr\/wp-content\/uploads\/2017\/12\/Park_riviera_sobe_1-400x222.jpg 400w, https:\/\/www.ericaturizam.hr\/wp-content\/uploads\/2017\/12\/Park_riviera_sobe_1-600x333.jpg 600w, https:\/\/www.ericaturizam.hr\/wp-content\/uploads\/2017\/12\/Park_riviera_sobe_1-800x444.jpg 800w, https:\/\/www.ericaturizam.hr\/wp-content\/uploads\/2017\/12\/Park_riviera_sobe_1.jpg 900w\" sizes=\"(min-width: 2200px) 100vw, (min-width: 1129px) 381px, (min-width: 1037px) 571px, (min-width: 945px) 1037px, \" \/><\/a><\/div><\/div><div class=\"clearfix\"><\/div><div style=\"padding:14.5px;\" class=\"fusion-grid-column fusion-gallery-column fusion-gallery-column-3 hover-type-none\"><div class=\"fusion-gallery-image\"><a href=\"https:\/\/www.ericaturizam.hr\/wp-content\/uploads\/2017\/12\/Park_riviera_sobe_2.jpg\" rel=\"noreferrer\" data-rel=\"iLightbox[gallery_image_2]\" class=\"fusion-lightbox\" target=\"_self\"><img decoding=\"async\" src=\"https:\/\/www.ericaturizam.hr\/wp-content\/uploads\/2017\/12\/Park_riviera_sobe_2.jpg\" width=\"900\" height=\"600\" alt=\"\" title=\"Park_riviera_sobe_2\" aria-label=\"Park_riviera_sobe_2\" class=\"img-responsive wp-image-1875\" srcset=\"https:\/\/www.ericaturizam.hr\/wp-content\/uploads\/2017\/12\/Park_riviera_sobe_2-200x133.jpg 200w, https:\/\/www.ericaturizam.hr\/wp-content\/uploads\/2017\/12\/Park_riviera_sobe_2-400x267.jpg 400w, https:\/\/www.ericaturizam.hr\/wp-content\/uploads\/2017\/12\/Park_riviera_sobe_2-600x400.jpg 600w, https:\/\/www.ericaturizam.hr\/wp-content\/uploads\/2017\/12\/Park_riviera_sobe_2-800x533.jpg 800w, https:\/\/www.ericaturizam.hr\/wp-content\/uploads\/2017\/12\/Park_riviera_sobe_2.jpg 900w\" sizes=\"(min-width: 2200px) 100vw, (min-width: 1129px) 381px, (min-width: 1037px) 571px, (min-width: 945px) 1037px, \" \/><\/a><\/div><\/div><div style=\"padding:14.5px;\" class=\"fusion-grid-column fusion-gallery-column fusion-gallery-column-3 hover-type-none\"><div class=\"fusion-gallery-image\"><a href=\"https:\/\/www.ericaturizam.hr\/wp-content\/uploads\/2017\/12\/Park_riviera_sobe_3.jpg\" rel=\"noreferrer\" data-rel=\"iLightbox[gallery_image_2]\" class=\"fusion-lightbox\" target=\"_self\"><img decoding=\"async\" src=\"https:\/\/www.ericaturizam.hr\/wp-content\/uploads\/2017\/12\/Park_riviera_sobe_3.jpg\" width=\"600\" height=\"900\" alt=\"\" title=\"Park_riviera_sobe_3\" aria-label=\"Park_riviera_sobe_3\" class=\"img-responsive wp-image-1876\" srcset=\"https:\/\/www.ericaturizam.hr\/wp-content\/uploads\/2017\/12\/Park_riviera_sobe_3-200x300.jpg 200w, https:\/\/www.ericaturizam.hr\/wp-content\/uploads\/2017\/12\/Park_riviera_sobe_3-400x600.jpg 400w, https:\/\/www.ericaturizam.hr\/wp-content\/uploads\/2017\/12\/Park_riviera_sobe_3.jpg 600w\" sizes=\"(min-width: 2200px) 100vw, (min-width: 1129px) 381px, (min-width: 1037px) 571px, (min-width: 945px) 1037px, \" \/><\/a><\/div><\/div><div style=\"padding:14.5px;\" class=\"fusion-grid-column fusion-gallery-column fusion-gallery-column-3 hover-type-none\"><div class=\"fusion-gallery-image\"><a href=\"https:\/\/www.ericaturizam.hr\/wp-content\/uploads\/2017\/12\/Park_riviera_sobe_4.jpg\" rel=\"noreferrer\" data-rel=\"iLightbox[gallery_image_2]\" class=\"fusion-lightbox\" target=\"_self\"><img decoding=\"async\" src=\"https:\/\/www.ericaturizam.hr\/wp-content\/uploads\/2017\/12\/Park_riviera_sobe_4.jpg\" width=\"900\" height=\"600\" alt=\"\" title=\"Park_riviera_sobe_4\" aria-label=\"Park_riviera_sobe_4\" class=\"img-responsive wp-image-1877\" srcset=\"https:\/\/www.ericaturizam.hr\/wp-content\/uploads\/2017\/12\/Park_riviera_sobe_4-200x133.jpg 200w, https:\/\/www.ericaturizam.hr\/wp-content\/uploads\/2017\/12\/Park_riviera_sobe_4-400x267.jpg 400w, https:\/\/www.ericaturizam.hr\/wp-content\/uploads\/2017\/12\/Park_riviera_sobe_4-600x400.jpg 600w, https:\/\/www.ericaturizam.hr\/wp-content\/uploads\/2017\/12\/Park_riviera_sobe_4-800x533.jpg 800w, https:\/\/www.ericaturizam.hr\/wp-content\/uploads\/2017\/12\/Park_riviera_sobe_4.jpg 900w\" sizes=\"(min-width: 2200px) 100vw, (min-width: 1129px) 381px, (min-width: 1037px) 571px, (min-width: 945px) 1037px, \" \/><\/a><\/div><\/div><div class=\"clearfix\"><\/div><div style=\"padding:14.5px;\" class=\"fusion-grid-column fusion-gallery-column fusion-gallery-column-3 hover-type-none\"><div class=\"fusion-gallery-image\"><a href=\"https:\/\/www.ericaturizam.hr\/wp-content\/uploads\/2017\/12\/Park_riviera_sobe_5.jpg\" rel=\"noreferrer\" data-rel=\"iLightbox[gallery_image_2]\" class=\"fusion-lightbox\" target=\"_self\"><img decoding=\"async\" src=\"https:\/\/www.ericaturizam.hr\/wp-content\/uploads\/2017\/12\/Park_riviera_sobe_5.jpg\" width=\"900\" height=\"600\" alt=\"\" title=\"Park_riviera_sobe_5\" aria-label=\"Park_riviera_sobe_5\" class=\"img-responsive wp-image-1878\" srcset=\"https:\/\/www.ericaturizam.hr\/wp-content\/uploads\/2017\/12\/Park_riviera_sobe_5-200x133.jpg 200w, https:\/\/www.ericaturizam.hr\/wp-content\/uploads\/2017\/12\/Park_riviera_sobe_5-400x267.jpg 400w, https:\/\/www.ericaturizam.hr\/wp-content\/uploads\/2017\/12\/Park_riviera_sobe_5-600x400.jpg 600w, https:\/\/www.ericaturizam.hr\/wp-content\/uploads\/2017\/12\/Park_riviera_sobe_5-800x533.jpg 800w, https:\/\/www.ericaturizam.hr\/wp-content\/uploads\/2017\/12\/Park_riviera_sobe_5.jpg 900w\" sizes=\"(min-width: 2200px) 100vw, (min-width: 1129px) 381px, (min-width: 1037px) 571px, (min-width: 945px) 1037px, \" \/><\/a><\/div><\/div><div style=\"padding:14.5px;\" class=\"fusion-grid-column fusion-gallery-column fusion-gallery-column-3 hover-type-none\"><div class=\"fusion-gallery-image\"><a href=\"https:\/\/www.ericaturizam.hr\/wp-content\/uploads\/2017\/12\/Park_riviera_sobe_6.jpg\" rel=\"noreferrer\" data-rel=\"iLightbox[gallery_image_2]\" class=\"fusion-lightbox\" target=\"_self\"><img decoding=\"async\" src=\"https:\/\/www.ericaturizam.hr\/wp-content\/uploads\/2017\/12\/Park_riviera_sobe_6.jpg\" width=\"900\" height=\"600\" alt=\"\" title=\"Park_riviera_sobe_6\" aria-label=\"Park_riviera_sobe_6\" class=\"img-responsive wp-image-1879\" srcset=\"https:\/\/www.ericaturizam.hr\/wp-content\/uploads\/2017\/12\/Park_riviera_sobe_6-200x133.jpg 200w, https:\/\/www.ericaturizam.hr\/wp-content\/uploads\/2017\/12\/Park_riviera_sobe_6-400x267.jpg 400w, https:\/\/www.ericaturizam.hr\/wp-content\/uploads\/2017\/12\/Park_riviera_sobe_6-600x400.jpg 600w, https:\/\/www.ericaturizam.hr\/wp-content\/uploads\/2017\/12\/Park_riviera_sobe_6-800x533.jpg 800w, https:\/\/www.ericaturizam.hr\/wp-content\/uploads\/2017\/12\/Park_riviera_sobe_6.jpg 900w\" sizes=\"(min-width: 2200px) 100vw, (min-width: 1129px) 381px, (min-width: 1037px) 571px, (min-width: 945px) 1037px, \" \/><\/a><\/div><\/div><div style=\"padding:14.5px;\" class=\"fusion-grid-column fusion-gallery-column fusion-gallery-column-3 hover-type-none\"><div class=\"fusion-gallery-image\"><a href=\"https:\/\/www.ericaturizam.hr\/wp-content\/uploads\/2017\/12\/Park_riviera_sobe_7.jpg\" rel=\"noreferrer\" data-rel=\"iLightbox[gallery_image_2]\" class=\"fusion-lightbox\" target=\"_self\"><img decoding=\"async\" src=\"https:\/\/www.ericaturizam.hr\/wp-content\/uploads\/2017\/12\/Park_riviera_sobe_7.jpg\" width=\"900\" height=\"600\" alt=\"\" title=\"Park_riviera_sobe_7\" aria-label=\"Park_riviera_sobe_7\" class=\"img-responsive wp-image-1880\" srcset=\"https:\/\/www.ericaturizam.hr\/wp-content\/uploads\/2017\/12\/Park_riviera_sobe_7-200x133.jpg 200w, https:\/\/www.ericaturizam.hr\/wp-content\/uploads\/2017\/12\/Park_riviera_sobe_7-400x267.jpg 400w, https:\/\/www.ericaturizam.hr\/wp-content\/uploads\/2017\/12\/Park_riviera_sobe_7-600x400.jpg 600w, https:\/\/www.ericaturizam.hr\/wp-content\/uploads\/2017\/12\/Park_riviera_sobe_7-800x533.jpg 800w, https:\/\/www.ericaturizam.hr\/wp-content\/uploads\/2017\/12\/Park_riviera_sobe_7.jpg 900w\" sizes=\"(min-width: 2200px) 100vw, (min-width: 1129px) 381px, (min-width: 1037px) 571px, (min-width: 945px) 1037px, \" \/><\/a><\/div><\/div><div class=\"clearfix\"><\/div><\/div><\/div><div class=\"fusion-clearfix\"><\/div><\/div><\/div><\/div><\/div><div class=\"fusion-fullwidth fullwidth-box fusion-builder-row-2 nonhundred-percent-fullwidth non-hundred-percent-height-scrolling\" style=\"--awb-background-position:center top;--awb-border-sizes-top:0px;--awb-border-sizes-bottom:0px;--awb-border-sizes-left:0px;--awb-border-sizes-right:0px;--awb-border-radius-top-left:0px;--awb-border-radius-top-right:0px;--awb-border-radius-bottom-right:0px;--awb-border-radius-bottom-left:0px;--awb-padding-top:10px;--awb-padding-right:30px;--awb-padding-bottom:10px;--awb-padding-left:30px;--awb-background-color:#f4f4f4;--awb-flex-wrap:wrap;\" ><div class=\"fusion-builder-row fusion-row\"><div class=\"fusion-layout-column fusion_builder_column fusion-builder-column-8 fusion_builder_column_1_1 1_1 fusion-one-full fusion-column-first fusion-column-last fusion-column-no-min-height\" style=\"--awb-bg-size:cover;--awb-margin-bottom:0px;\"><div class=\"fusion-column-wrapper fusion-flex-column-wrapper-legacy\"><div class=\"fusion-sep-clear\"><\/div><div class=\"fusion-separator fusion-full-width-sep\" style=\"margin-left: auto;margin-right: auto;margin-top:13px;margin-bottom:13px;width:100%;\"><\/div><div class=\"fusion-sep-clear\"><\/div><div class=\"fusion-text fusion-text-5\"><h1 style=\"text-align: center;\">Inhalt<\/h1>\n<\/div><div class=\"fusion-sep-clear\"><\/div><div class=\"fusion-separator\" style=\"margin-left: auto;margin-right: auto;margin-top:0px;margin-bottom:60px;width:100%;max-width:50px;\"><div class=\"fusion-separator-border sep-single sep-solid\" style=\"--awb-height:20px;--awb-amount:20px;--awb-sep-color:#cbaa5c;border-color:#cbaa5c;border-top-width:1px;\"><\/div><\/div><div class=\"fusion-sep-clear\"><\/div><div class=\"fusion-clearfix\"><\/div><\/div><\/div><div class=\"fusion-layout-column fusion_builder_column fusion-builder-column-9 fusion_builder_column_1_4 1_4 fusion-one-fourth fusion-column-first\" style=\"--awb-bg-size:cover;width:22%; margin-right: 4%;\"><div class=\"fusion-column-wrapper fusion-flex-column-wrapper-legacy\"><ul style=\"--awb-iconcolor:#cbaa5c;--awb-line-height:23.8px;--awb-icon-width:23.8px;--awb-icon-height:23.8px;--awb-icon-margin:9.8px;--awb-content-margin:33.6px;\" class=\"fusion-checklist fusion-checklist-8 fusion-checklist-default type-icons\"><li class=\"fusion-li-item\" style=\"\"><span class=\"icon-wrapper circle-no\"><i class=\"fusion-li-icon fa fa-check-circle-o\" aria-hidden=\"true\"><\/i><\/span><div class=\"fusion-li-item-content\">\n<p>Mobilheim von einer Oberfl\u00e4che von 35 m2<\/p>\n<\/div><\/li><li class=\"fusion-li-item\" style=\"\"><span class=\"icon-wrapper circle-no\"><i class=\"fusion-li-icon fa fa-check-circle-o\" aria-hidden=\"true\"><\/i><\/span><div class=\"fusion-li-item-content\">\n<p>1 Zimmer mit einem Doppelbett<\/p>\n<\/div><\/li><li class=\"fusion-li-item\" style=\"\"><span class=\"icon-wrapper circle-no\"><i class=\"fusion-li-icon fa fa-check-circle-o\" aria-hidden=\"true\"><\/i><\/span><div class=\"fusion-li-item-content\">\n<p>1 Zimmer mit 2 &#8211; 3 Betten<\/p>\n<\/div><\/li><li class=\"fusion-li-item\" style=\"\"><span class=\"icon-wrapper circle-no\"><i class=\"fusion-li-icon fa fa-check-circle-o\" aria-hidden=\"true\"><\/i><\/span><div class=\"fusion-li-item-content\">\n<p>ger\u00e4umige, \u00fcberdachte Terrasse von einer Fl\u00e4che von 26 m2\u00a0mit Grill und\u00a0Liegestuhls<\/p>\n<\/div><\/li><li class=\"fusion-li-item\" style=\"\"><span class=\"icon-wrapper circle-no\"><i class=\"fusion-li-icon fa fa-check-circle-o\" aria-hidden=\"true\"><\/i><\/span><div class=\"fusion-li-item-content\">\n<p>2 Badezimmer mit Duschen<\/p>\n<\/div><\/li><li class=\"fusion-li-item\" style=\"\"><span class=\"icon-wrapper circle-no\"><i class=\"fusion-li-icon fa fa-check-circle-o\" aria-hidden=\"true\"><\/i><\/span><div class=\"fusion-li-item-content\">\n<p>Wohnzimmer mit St\u00fchlen und einem Esstisch<\/p>\n<\/div><\/li><\/ul><div class=\"fusion-clearfix\"><\/div><\/div><\/div><div class=\"fusion-layout-column fusion_builder_column fusion-builder-column-10 fusion_builder_column_1_4 1_4 fusion-one-fourth\" style=\"--awb-bg-size:cover;width:22%; margin-right: 4%;\"><div class=\"fusion-column-wrapper fusion-flex-column-wrapper-legacy\"><ul style=\"--awb-iconcolor:#cbaa5c;--awb-line-height:23.8px;--awb-icon-width:23.8px;--awb-icon-height:23.8px;--awb-icon-margin:9.8px;--awb-content-margin:33.6px;\" class=\"fusion-checklist fusion-checklist-9 fusion-checklist-default type-icons\"><li class=\"fusion-li-item\" style=\"\"><span class=\"icon-wrapper circle-no\"><i class=\"fusion-li-icon fa fa-check-circle-o\" aria-hidden=\"true\"><\/i><\/span><div class=\"fusion-li-item-content\">\n<p>voll ausgestattete K\u00fcche<\/p>\n<\/div><\/li><li class=\"fusion-li-item\" style=\"\"><span class=\"icon-wrapper circle-no\"><i class=\"fusion-li-icon fa fa-check-circle-o\" aria-hidden=\"true\"><\/i><\/span><div class=\"fusion-li-item-content\">\n<p>K\u00fchlschrank (240 l) mit Gefrierfach<\/p>\n<\/div><\/li><li class=\"fusion-li-item\" style=\"\"><span class=\"icon-wrapper circle-no\"><i class=\"fusion-li-icon fa fa-check-circle-o\" aria-hidden=\"true\"><\/i><\/span><div class=\"fusion-li-item-content\">\n<p>Mikrowelle<\/p>\n<\/div><\/li><li class=\"fusion-li-item\" style=\"\"><span class=\"icon-wrapper circle-no\"><i class=\"fusion-li-icon fa fa-check-circle-o\" aria-hidden=\"true\"><\/i><\/span><div class=\"fusion-li-item-content\">\n<p>Kaffeemaschine<\/p>\n<\/div><\/li><li class=\"fusion-li-item\" style=\"\"><span class=\"icon-wrapper circle-no\"><i class=\"fusion-li-icon fa fa-check-circle-o\" aria-hidden=\"true\"><\/i><\/span><div class=\"fusion-li-item-content\">\n<p>Wasserkocher<\/p>\n<\/div><\/li><\/ul><div class=\"fusion-clearfix\"><\/div><\/div><\/div><div class=\"fusion-layout-column fusion_builder_column fusion-builder-column-11 fusion_builder_column_1_4 1_4 fusion-one-fourth\" style=\"--awb-bg-size:cover;width:22%; margin-right: 4%;\"><div class=\"fusion-column-wrapper fusion-flex-column-wrapper-legacy\"><ul style=\"--awb-iconcolor:#cbaa5c;--awb-line-height:23.8px;--awb-icon-width:23.8px;--awb-icon-height:23.8px;--awb-icon-margin:9.8px;--awb-content-margin:33.6px;\" class=\"fusion-checklist fusion-checklist-10 fusion-checklist-default type-icons\"><li class=\"fusion-li-item\" style=\"\"><span class=\"icon-wrapper circle-no\"><i class=\"fusion-li-icon fa fa-check-circle-o\" aria-hidden=\"true\"><\/i><\/span><div class=\"fusion-li-item-content\">\n<p>Toaster<\/p>\n<\/div><\/li><li class=\"fusion-li-item\" style=\"\"><span class=\"icon-wrapper circle-no\"><i class=\"fusion-li-icon fa fa-check-circle-o\" aria-hidden=\"true\"><\/i><\/span><div class=\"fusion-li-item-content\">\n<p>Geschirrsp\u00fcler<\/p>\n<\/div><\/li><li class=\"fusion-li-item\" style=\"\"><span class=\"icon-wrapper circle-no\"><i class=\"fusion-li-icon fa fa-check-circle-o\" aria-hidden=\"true\"><\/i><\/span><div class=\"fusion-li-item-content\">\n<p>W\u00e4schest\u00e4nder<\/p>\n<\/div><\/li><li class=\"fusion-li-item\" style=\"\"><span class=\"icon-wrapper circle-no\"><i class=\"fusion-li-icon fa fa-check-circle-o\" aria-hidden=\"true\"><\/i><\/span><div class=\"fusion-li-item-content\">\n<p>Kissen und Bettdecken<\/p>\n<\/div><\/li><li class=\"fusion-li-item\" style=\"\"><span class=\"icon-wrapper circle-no\"><i class=\"fusion-li-icon fa fa-check-circle-o\" aria-hidden=\"true\"><\/i><\/span><div class=\"fusion-li-item-content\">\n<p>Insektenschutzmatten an allen Fenstern<\/p>\n<\/div><\/li><\/ul><div class=\"fusion-clearfix\"><\/div><\/div><\/div><div class=\"fusion-layout-column fusion_builder_column fusion-builder-column-12 fusion_builder_column_1_4 1_4 fusion-one-fourth fusion-column-last\" style=\"--awb-bg-size:cover;width:22%;\"><div class=\"fusion-column-wrapper fusion-flex-column-wrapper-legacy\"><ul style=\"--awb-iconcolor:#cbaa5c;--awb-line-height:23.8px;--awb-icon-width:23.8px;--awb-icon-height:23.8px;--awb-icon-margin:9.8px;--awb-content-margin:33.6px;\" class=\"fusion-checklist fusion-checklist-11 fusion-checklist-default type-icons\"><li class=\"fusion-li-item\" style=\"\"><span class=\"icon-wrapper circle-no\"><i class=\"fusion-li-icon fa fa-check-circle-o\" aria-hidden=\"true\"><\/i><\/span><div class=\"fusion-li-item-content\">\n<p>Grill<\/p>\n<\/div><\/li><li class=\"fusion-li-item\" style=\"\"><span class=\"icon-wrapper circle-no\"><i class=\"fusion-li-icon fa fa-check-circle-o\" aria-hidden=\"true\"><\/i><\/span><div class=\"fusion-li-item-content\">\n<p>Klimaanlage<\/p>\n<\/div><\/li><li class=\"fusion-li-item\" style=\"\"><span class=\"icon-wrapper circle-no\"><i class=\"fusion-li-icon fa fa-check-circle-o\" aria-hidden=\"true\"><\/i><\/span><div class=\"fusion-li-item-content\">\n<p>W-lan<\/p>\n<\/div><\/li><li class=\"fusion-li-item\" style=\"\"><span class=\"icon-wrapper circle-no\"><i class=\"fusion-li-icon fa fa-check-circle-o\" aria-hidden=\"true\"><\/i><\/span><div class=\"fusion-li-item-content\">\n<p>LED SAT TV<\/p>\n<\/div><\/li><li class=\"fusion-li-item\" style=\"\"><span class=\"icon-wrapper circle-no\"><i class=\"fusion-li-icon fa fa-check-circle-o\" aria-hidden=\"true\"><\/i><\/span><div class=\"fusion-li-item-content\">\n<p>Parkplatz<\/p>\n<\/div><\/li><\/ul><div class=\"fusion-clearfix\"><\/div><\/div><\/div><\/div><\/div><\/p>\n","protected":false},"excerpt":{"rendered":"","protected":false},"author":1,"featured_media":0,"parent":0,"menu_order":0,"comment_status":"closed","ping_status":"closed","template":"","meta":{"_acf_changed":false,"footnotes":""},"class_list":["post-2485","page","type-page","status-publish","hentry"],"acf":[],"yoast_head":"<!-- This site is optimized with the Yoast SEO plugin v27.3 - https:\/\/yoast.com\/product\/yoast-seo-wordpress\/ -->\n<title>Park Riviera 2 Zimmer - Erica turizam<\/title>\n<meta name=\"robots\" content=\"index, follow, max-snippet:-1, max-image-preview:large, max-video-preview:-1\" \/>\n<link rel=\"canonical\" href=\"https:\/\/www.ericaturizam.hr\/de\/park-riviera-2-sobe\/\" \/>\n<meta property=\"og:locale\" content=\"de_DE\" \/>\n<meta property=\"og:type\" content=\"article\" \/>\n<meta property=\"og:title\" content=\"Park Riviera 2 Zimmer - Erica turizam\" \/>\n<meta property=\"og:url\" content=\"https:\/\/www.ericaturizam.hr\/de\/park-riviera-2-sobe\/\" \/>\n<meta property=\"og:site_name\" content=\"Erica turizam\" \/>\n<meta property=\"article:modified_time\" content=\"2023-03-28T09:04:05+00:00\" \/>\n<meta name=\"twitter:card\" content=\"summary_large_image\" \/>\n<meta name=\"twitter:label1\" content=\"Gesch\u00e4tzte Lesezeit\" \/>\n\t<meta name=\"twitter:data1\" content=\"11\u00a0Minuten\" \/>\n<script type=\"application\/ld+json\" class=\"yoast-schema-graph\">{\"@context\":\"https:\\\/\\\/schema.org\",\"@graph\":[{\"@type\":\"WebPage\",\"@id\":\"https:\\\/\\\/www.ericaturizam.hr\\\/de\\\/park-riviera-2-sobe\\\/\",\"url\":\"https:\\\/\\\/www.ericaturizam.hr\\\/de\\\/park-riviera-2-sobe\\\/\",\"name\":\"Park Riviera 2 Zimmer - Erica turizam\",\"isPartOf\":{\"@id\":\"https:\\\/\\\/www.ericaturizam.hr\\\/hr\\\/#website\"},\"datePublished\":\"2017-12-13T17:23:32+00:00\",\"dateModified\":\"2023-03-28T09:04:05+00:00\",\"breadcrumb\":{\"@id\":\"https:\\\/\\\/www.ericaturizam.hr\\\/de\\\/park-riviera-2-sobe\\\/#breadcrumb\"},\"inLanguage\":\"de\",\"potentialAction\":[{\"@type\":\"ReadAction\",\"target\":[\"https:\\\/\\\/www.ericaturizam.hr\\\/de\\\/park-riviera-2-sobe\\\/\"]}]},{\"@type\":\"BreadcrumbList\",\"@id\":\"https:\\\/\\\/www.ericaturizam.hr\\\/de\\\/park-riviera-2-sobe\\\/#breadcrumb\",\"itemListElement\":[{\"@type\":\"ListItem\",\"position\":1,\"name\":\"Po\u010detna stranica\",\"item\":\"https:\\\/\\\/www.ericaturizam.hr\\\/de\\\/\"},{\"@type\":\"ListItem\",\"position\":2,\"name\":\"Park Riviera 2 Zimmer\"}]},{\"@type\":\"WebSite\",\"@id\":\"https:\\\/\\\/www.ericaturizam.hr\\\/hr\\\/#website\",\"url\":\"https:\\\/\\\/www.ericaturizam.hr\\\/hr\\\/\",\"name\":\"Erica turizam\",\"description\":\"apartments &amp; holiday mobile homes\",\"potentialAction\":[{\"@type\":\"SearchAction\",\"target\":{\"@type\":\"EntryPoint\",\"urlTemplate\":\"https:\\\/\\\/www.ericaturizam.hr\\\/hr\\\/?s={search_term_string}\"},\"query-input\":{\"@type\":\"PropertyValueSpecification\",\"valueRequired\":true,\"valueName\":\"search_term_string\"}}],\"inLanguage\":\"de\"}]}<\/script>\n<!-- \/ Yoast SEO plugin. -->","yoast_head_json":{"title":"Park Riviera 2 Zimmer - Erica turizam","robots":{"index":"index","follow":"follow","max-snippet":"max-snippet:-1","max-image-preview":"max-image-preview:large","max-video-preview":"max-video-preview:-1"},"canonical":"https:\/\/www.ericaturizam.hr\/de\/park-riviera-2-sobe\/","og_locale":"de_DE","og_type":"article","og_title":"Park Riviera 2 Zimmer - Erica turizam","og_url":"https:\/\/www.ericaturizam.hr\/de\/park-riviera-2-sobe\/","og_site_name":"Erica turizam","article_modified_time":"2023-03-28T09:04:05+00:00","twitter_card":"summary_large_image","twitter_misc":{"Gesch\u00e4tzte Lesezeit":"11\u00a0Minuten"},"schema":{"@context":"https:\/\/schema.org","@graph":[{"@type":"WebPage","@id":"https:\/\/www.ericaturizam.hr\/de\/park-riviera-2-sobe\/","url":"https:\/\/www.ericaturizam.hr\/de\/park-riviera-2-sobe\/","name":"Park Riviera 2 Zimmer - Erica turizam","isPartOf":{"@id":"https:\/\/www.ericaturizam.hr\/hr\/#website"},"datePublished":"2017-12-13T17:23:32+00:00","dateModified":"2023-03-28T09:04:05+00:00","breadcrumb":{"@id":"https:\/\/www.ericaturizam.hr\/de\/park-riviera-2-sobe\/#breadcrumb"},"inLanguage":"de","potentialAction":[{"@type":"ReadAction","target":["https:\/\/www.ericaturizam.hr\/de\/park-riviera-2-sobe\/"]}]},{"@type":"BreadcrumbList","@id":"https:\/\/www.ericaturizam.hr\/de\/park-riviera-2-sobe\/#breadcrumb","itemListElement":[{"@type":"ListItem","position":1,"name":"Po\u010detna stranica","item":"https:\/\/www.ericaturizam.hr\/de\/"},{"@type":"ListItem","position":2,"name":"Park Riviera 2 Zimmer"}]},{"@type":"WebSite","@id":"https:\/\/www.ericaturizam.hr\/hr\/#website","url":"https:\/\/www.ericaturizam.hr\/hr\/","name":"Erica turizam","description":"apartments &amp; holiday mobile homes","potentialAction":[{"@type":"SearchAction","target":{"@type":"EntryPoint","urlTemplate":"https:\/\/www.ericaturizam.hr\/hr\/?s={search_term_string}"},"query-input":{"@type":"PropertyValueSpecification","valueRequired":true,"valueName":"search_term_string"}}],"inLanguage":"de"}]}},"_links":{"self":[{"href":"https:\/\/www.ericaturizam.hr\/de\/wp-json\/wp\/v2\/pages\/2485","targetHints":{"allow":["GET"]}}],"collection":[{"href":"https:\/\/www.ericaturizam.hr\/de\/wp-json\/wp\/v2\/pages"}],"about":[{"href":"https:\/\/www.ericaturizam.hr\/de\/wp-json\/wp\/v2\/types\/page"}],"author":[{"embeddable":true,"href":"https:\/\/www.ericaturizam.hr\/de\/wp-json\/wp\/v2\/users\/1"}],"replies":[{"embeddable":true,"href":"https:\/\/www.ericaturizam.hr\/de\/wp-json\/wp\/v2\/comments?post=2485"}],"version-history":[{"count":23,"href":"https:\/\/www.ericaturizam.hr\/de\/wp-json\/wp\/v2\/pages\/2485\/revisions"}],"predecessor-version":[{"id":5422,"href":"https:\/\/www.ericaturizam.hr\/de\/wp-json\/wp\/v2\/pages\/2485\/revisions\/5422"}],"wp:attachment":[{"href":"https:\/\/www.ericaturizam.hr\/de\/wp-json\/wp\/v2\/media?parent=2485"}],"curies":[{"name":"wp","href":"https:\/\/api.w.org\/{rel}","templated":true}]}}